{"id":8049,"date":"2023-12-19T12:17:38","date_gmt":"2023-12-19T12:17:38","guid":{"rendered":"https:\/\/basetryp.tryplisboacaparica.com\/lisboa-caparica\/"},"modified":"2024-11-26T15:56:50","modified_gmt":"2024-11-26T15:56:50","slug":"castelo-branco","status":"publish","type":"page","link":"https:\/\/www.meliacastelobranco.com\/fr\/castelo-branco\/","title":{"rendered":"Castelo Branco"},"content":{"rendered":"\t\t<div data-elementor-type=\"wp-page\" data-elementor-id=\"8049\" class=\"elementor elementor-8049 elementor-1997\" data-elementor-post-type=\"page\">\n\t\t\t\t<section class=\"elementor-element elementor-element-9d18320 e-con-full e-flex e-con e-parent\" data-id=\"9d18320\" data-element_type=\"container\" data-settings=\"{&quot;background_background&quot;:&quot;classic&quot;}\">\n\t\t<div class=\"elementor-element elementor-element-edc3c07 e-con-full e-flex e-con e-child\" data-id=\"edc3c07\" data-element_type=\"container\">\n\t\t\t\t<div class=\"elementor-element elementor-element-0517a6e elementor-widget elementor-widget-heading\" data-id=\"0517a6e\" data-element_type=\"widget\" data-widget_type=\"heading.default\">\n\t\t\t\t<div class=\"elementor-widget-container\">\n\t\t\t\t\t<h1 class=\"elementor-heading-title elementor-size-default\">CASTELO<\/h1>\t\t\t\t<\/div>\n\t\t\t\t<\/div>\n\t\t\t\t<div class=\"elementor-element elementor-element-14f695f elementor-widget elementor-widget-heading\" data-id=\"14f695f\" data-element_type=\"widget\" data-widget_type=\"heading.default\">\n\t\t\t\t<div class=\"elementor-widget-container\">\n\t\t\t\t\t<h1 class=\"elementor-heading-title elementor-size-default\">BRANCO<\/h1>\t\t\t\t<\/div>\n\t\t\t\t<\/div>\n\t\t\t\t<\/div>\n\t\t\t\t<\/section>\n\t\t<section class=\"elementor-element elementor-element-8e7a29a e-con-full e-flex e-con e-parent\" data-id=\"8e7a29a\" data-element_type=\"container\">\n\t\t\t\t<div class=\"elementor-element elementor-element-5428f0b elementor-widget elementor-widget-text-editor\" data-id=\"5428f0b\" data-element_type=\"widget\" data-widget_type=\"text-editor.default\">\n\t\t\t\t<div class=\"elementor-widget-container\">\n\t\t\t\t\t\t\t\t\t<div class=\"ewa-rteLine\"><div class=\"ewa-rteLine\"><p>C&#8217;est sur la colline de Cardosa, occup\u00e9e par des colons romains, que Castelo Branco a vu le jour sous le nom d&#8217;Albi Castrum. Apr\u00e8s une p\u00e9riode troubl\u00e9e par les invasions fran\u00e7aises, dont l&#8217;un des champs de bataille se trouvait ici, l&#8217;inauguration de la ligne de chemin de fer \u00e0 la fin du XIXe si\u00e8cle a transform\u00e9 Castelo Branco en un important centre industriel pour le d\u00e9veloppement r\u00e9gional, en particulier dans le domaine du textile, une tradition qui se perp\u00e9tue encore aujourd&#8217;hui.<\/p><p>Castelo Branco, situ\u00e9e au centre du Portugal, est une ville d&#8217;histoire et d&#8217;authenticit\u00e9. Connue pour son architecture unique et son atmosph\u00e8re chaleureuse, Castelo Branco offre aux visiteurs une richesse culturelle r\u00e9gionale.<\/p><p>Outre son patrimoine historique, Castelo Branco se caract\u00e9rise \u00e9galement par sa gastronomie. Les saveurs authentiques de la cuisine locale, comme le fromage de la r\u00e9gion et les plats de viande traditionnels, sont de v\u00e9ritables d\u00e9lices pour les sens.<\/p><\/div><\/div>\t\t\t\t\t\t\t\t<\/div>\n\t\t\t\t<\/div>\n\t\t\t\t<\/section>\n\t\t<div class=\"elementor-element elementor-element-484e8bf e-con-full e-flex e-con e-parent\" data-id=\"484e8bf\" data-element_type=\"container\">\n\t\t\t\t<div class=\"elementor-element elementor-element-5b88a1e elementor-widget elementor-widget-heading\" data-id=\"5b88a1e\" data-element_type=\"widget\" data-widget_type=\"heading.default\">\n\t\t\t\t<div class=\"elementor-widget-container\">\n\t\t\t\t\t<h5 class=\"elementor-heading-title elementor-size-default\">Galerie d'images<\/h5>\t\t\t\t<\/div>\n\t\t\t\t<\/div>\n\t\t\t\t<div class=\"elementor-element elementor-element-33fcce4 elementor-skin-carousel elementor-arrows-yes elementor-pagination-type-bullets elementor-pagination-position-outside elementor-widget elementor-widget-hoti-gallery-slider\" data-id=\"33fcce4\" data-element_type=\"widget\" data-settings=\"{&quot;slides_per_view&quot;:&quot;3&quot;,&quot;skin&quot;:&quot;carousel&quot;,&quot;effect&quot;:&quot;slide&quot;,&quot;show_arrows&quot;:&quot;yes&quot;,&quot;pagination&quot;:&quot;bullets&quot;,&quot;speed&quot;:500,&quot;autoplay&quot;:&quot;yes&quot;,&quot;autoplay_speed&quot;:5000,&quot;pause_on_hover&quot;:&quot;yes&quot;,&quot;pause_on_interaction&quot;:&quot;yes&quot;,&quot;space_between&quot;:{&quot;unit&quot;:&quot;px&quot;,&quot;size&quot;:10,&quot;sizes&quot;:[]},&quot;space_between_tablet_extra&quot;:{&quot;unit&quot;:&quot;px&quot;,&quot;size&quot;:10,&quot;sizes&quot;:[]},&quot;space_between_tablet&quot;:{&quot;unit&quot;:&quot;px&quot;,&quot;size&quot;:10,&quot;sizes&quot;:[]},&quot;space_between_mobile_extra&quot;:{&quot;unit&quot;:&quot;px&quot;,&quot;size&quot;:10,&quot;sizes&quot;:[]},&quot;space_between_mobile&quot;:{&quot;unit&quot;:&quot;px&quot;,&quot;size&quot;:10,&quot;sizes&quot;:[]}}\" data-widget_type=\"hoti-gallery-slider.default\">\n\t\t\t\t<div class=\"elementor-widget-container\">\n\t\t\t\t\t\t\t\t\t<div class=\"elementor-swiper\">\n\t\t\t\t\t<div class=\"elementor-main-swiper swiper\" role=\"region\" aria-roledescription=\"carousel\" aria-label=\"Diapositives\">\n\t\t\t\t<div class=\"swiper-wrapper\">\n\t\t\t\t\t\t\t\t\t\t\t<div class=\"swiper-slide\" role=\"group\" aria-roledescription=\"slide\">\n\t\t\t\t\t\t\t\t\t<div class=\"elementor-carousel-image landscape\" role=\"img\" aria-label=\"destino_castelo_branco-1\" style=\"background-image: url(&#039;https:\/\/www.meliacastelobranco.com\/wp-content\/uploads\/sites\/19\/2024\/05\/destino_castelo_branco-1.jpg&#039;)\">\r\n\r\n\t\t\t\r\n\t\t\t\t\t<\/div>\r\n\t\t\t\t\t\t\t\t<\/div>\n\t\t\t\t\t\t\t\t\t\t\t<div class=\"swiper-slide\" role=\"group\" aria-roledescription=\"slide\">\n\t\t\t\t\t\t\t\t\t<div class=\"elementor-carousel-image landscape\" role=\"img\" aria-label=\"destino_castelo_branco\" style=\"background-image: url(&#039;https:\/\/www.meliacastelobranco.com\/wp-content\/uploads\/sites\/19\/2024\/05\/destino_castelo_branco.jpg&#039;)\">\r\n\r\n\t\t\t\r\n\t\t\t\t\t<\/div>\r\n\t\t\t\t\t\t\t\t<\/div>\n\t\t\t\t\t\t\t\t\t\t\t<div class=\"swiper-slide\" role=\"group\" aria-roledescription=\"slide\">\n\t\t\t\t\t\t\t\t\t<div class=\"elementor-carousel-image landscape\" role=\"img\" aria-label=\"destino_castelo_branco-2\" style=\"background-image: url(&#039;https:\/\/www.meliacastelobranco.com\/wp-content\/uploads\/sites\/19\/2024\/05\/destino_castelo_branco-2.jpg&#039;)\">\r\n\r\n\t\t\t\r\n\t\t\t\t\t<\/div>\r\n\t\t\t\t\t\t\t\t<\/div>\n\t\t\t\t\t\t\t\t\t\t\t<div class=\"swiper-slide\" role=\"group\" aria-roledescription=\"slide\">\n\t\t\t\t\t\t\t\t\t<div class=\"elementor-carousel-image landscape\" role=\"img\" aria-label=\"Melia_Castelo_Branco_Header\" style=\"background-image: url(&#039;https:\/\/www.meliacastelobranco.com\/wp-content\/uploads\/sites\/19\/2024\/05\/Melia_Castelo_Branco_Header.jpg&#039;)\">\r\n\r\n\t\t\t\r\n\t\t\t\t\t<\/div>\r\n\t\t\t\t\t\t\t\t<\/div>\n\t\t\t\t\t\t\t\t\t\t\t<div class=\"swiper-slide\" role=\"group\" aria-roledescription=\"slide\">\n\t\t\t\t\t\t\t\t\t<div class=\"elementor-carousel-image landscape\" role=\"img\" aria-label=\"Melia_Castelo_Branco_2\" style=\"background-image: url(&#039;https:\/\/www.meliacastelobranco.com\/wp-content\/uploads\/sites\/19\/2024\/05\/Melia_Castelo_Branco_2.jpg&#039;)\">\r\n\r\n\t\t\t\r\n\t\t\t\t\t<\/div>\r\n\t\t\t\t\t\t\t\t<\/div>\n\t\t\t\t\t\t\t\t\t\t\t<div class=\"swiper-slide\" role=\"group\" aria-roledescription=\"slide\">\n\t\t\t\t\t\t\t\t\t<div class=\"elementor-carousel-image landscape\" role=\"img\" aria-label=\"Melia_Castelo_Branco_3\" style=\"background-image: url(&#039;https:\/\/www.meliacastelobranco.com\/wp-content\/uploads\/sites\/19\/2024\/05\/Melia_Castelo_Branco_3.jpg&#039;)\">\r\n\r\n\t\t\t\r\n\t\t\t\t\t<\/div>\r\n\t\t\t\t\t\t\t\t<\/div>\n\t\t\t\t\t\t\t\t\t<\/div>\n\t\t\t\t\t\t\t\t\t\t\t\t\t\t\t<div class=\"elementor-swiper-button elementor-swiper-button-prev\" role=\"button\" tabindex=\"0\" aria-label=\"Pr\u00e9c\u00e9dent\">\n\t\t\t\t\t\t\t<i aria-hidden=\"true\" class=\"eicon-chevron-left\"><\/i>\t\t\t\t\t\t<\/div>\n\t\t\t\t\t\t<div class=\"elementor-swiper-button elementor-swiper-button-next\" role=\"button\" tabindex=\"0\" aria-label=\"Suivant\">\n\t\t\t\t\t\t\t<i aria-hidden=\"true\" class=\"eicon-chevron-right\"><\/i>\t\t\t\t\t\t<\/div>\n\t\t\t\t\t\t\t\t\t\t\t\t\t\t\t\t<div class=\"swiper-pagination\"><\/div>\n\t\t\t\t\t\t\t\t\t\t\t\t<\/div>\n\t\t\t\t<\/div>\n\t\t\t\t\t\t\t\t<\/div>\n\t\t\t\t<\/div>\n\t\t\t\t<\/div>\n\t\t<section class=\"elementor-element elementor-element-5be6fa1 e-con-full e-flex e-con e-parent\" data-id=\"5be6fa1\" data-element_type=\"container\">\n\t\t<div class=\"elementor-element elementor-element-637ccd9 e-con-full e-flex e-con e-child\" data-id=\"637ccd9\" data-element_type=\"container\">\n\t\t<div class=\"elementor-element elementor-element-55df4ad e-con-full e-flex e-con e-child\" data-id=\"55df4ad\" data-element_type=\"container\">\n\t\t\t\t<div class=\"elementor-element elementor-element-650bc2a elementor-widget elementor-widget-heading\" data-id=\"650bc2a\" data-element_type=\"widget\" data-widget_type=\"heading.default\">\n\t\t\t\t<div class=\"elementor-widget-container\">\n\t\t\t\t\t<h2 class=\"elementor-heading-title elementor-size-default\">EXPLORER LA<\/h2>\t\t\t\t<\/div>\n\t\t\t\t<\/div>\n\t\t\t\t<div class=\"elementor-element elementor-element-1062144 elementor-widget elementor-widget-heading\" data-id=\"1062144\" data-element_type=\"widget\" data-widget_type=\"heading.default\">\n\t\t\t\t<div class=\"elementor-widget-container\">\n\t\t\t\t\t<h2 class=\"elementor-heading-title elementor-size-default\">VILLE DE CASTELO BRANCO<\/h2>\t\t\t\t<\/div>\n\t\t\t\t<\/div>\n\t\t\t\t<div class=\"elementor-element elementor-element-da84be1 elementor-widget__width-initial elementor-widget elementor-widget-text-editor\" data-id=\"da84be1\" data-element_type=\"widget\" data-widget_type=\"text-editor.default\">\n\t\t\t\t<div class=\"elementor-widget-container\">\n\t\t\t\t\t\t\t\t\t<ul><li>Explorez une ville historique o\u00f9 l&#8217;architecture traditionnelle se distingue \u00e0 chaque coin de rue.<\/li><li>Admirez les monuments embl\u00e9matiques de la ville, de l&#8217;imposant Castelo de Castelo Branco aux \u00e9glises s\u00e9culaires et aux mus\u00e9es fascinants.<\/li><li>D\u00e9tendez-vous dans les espaces verts et les places tranquilles de la ville, ou profitez des vues panoramiques depuis les belv\u00e9d\u00e8res qui offrent une perspective unique sur Castelo Branco.<\/li><li>D\u00e9couvrez la culture locale \u00e0 travers les \u00e9v\u00e9nements et les festivals qui ont lieu toute l&#8217;ann\u00e9e et qui c\u00e9l\u00e8brent la musique, l&#8217;art et la gastronomie de la r\u00e9gion.<\/li><li>Pour les amoureux de la nature et des activit\u00e9s de plein air, Castelo Branco offre une vari\u00e9t\u00e9 d&#8217;options, des sentiers de randonn\u00e9e aux promenades \u00e0 v\u00e9lo \u00e0 travers le paysage \u00e9poustouflant.<\/li><li>La gastronomie r\u00e9gionale, o\u00f9 les saveurs authentiques et les ingr\u00e9dients frais se combinent pour cr\u00e9er des plats d\u00e9licieux qui refl\u00e8tent la tradition et l&#8217;identit\u00e9 locale, vous ravira.<\/li><\/ul>\t\t\t\t\t\t\t\t<\/div>\n\t\t\t\t<\/div>\n\t\t\t\t<\/div>\n\t\t\t\t<\/div>\n\t\t<div class=\"elementor-element elementor-element-65d27bb e-con-full e-flex e-con e-child\" data-id=\"65d27bb\" data-element_type=\"container\" data-settings=\"{&quot;background_background&quot;:&quot;classic&quot;}\">\n\t\t\t\t<div class=\"elementor-element elementor-element-bcfdf42 elementor-widget elementor-widget-spacer\" data-id=\"bcfdf42\" data-element_type=\"widget\" data-widget_type=\"spacer.default\">\n\t\t\t\t<div class=\"elementor-widget-container\">\n\t\t\t\t\t\t\t<div class=\"elementor-spacer\">\n\t\t\t<div class=\"elementor-spacer-inner\"><\/div>\n\t\t<\/div>\n\t\t\t\t\t\t<\/div>\n\t\t\t\t<\/div>\n\t\t\t\t<\/div>\n\t\t\t\t<\/section>\n\t\t<section class=\"elementor-element elementor-element-540cb73 e-con-full e-flex e-con e-parent\" data-id=\"540cb73\" data-element_type=\"container\">\n\t\t<div class=\"elementor-element elementor-element-e3e1f7c e-con-full e-flex e-con e-child\" data-id=\"e3e1f7c\" data-element_type=\"container\" data-settings=\"{&quot;background_background&quot;:&quot;classic&quot;}\">\n\t\t\t\t<div class=\"elementor-element elementor-element-917d9c4 elementor-widget elementor-widget-spacer\" data-id=\"917d9c4\" data-element_type=\"widget\" data-widget_type=\"spacer.default\">\n\t\t\t\t<div class=\"elementor-widget-container\">\n\t\t\t\t\t\t\t<div class=\"elementor-spacer\">\n\t\t\t<div class=\"elementor-spacer-inner\"><\/div>\n\t\t<\/div>\n\t\t\t\t\t\t<\/div>\n\t\t\t\t<\/div>\n\t\t\t\t<\/div>\n\t\t<div class=\"elementor-element elementor-element-75fb5c0 e-con-full e-flex e-con e-child\" data-id=\"75fb5c0\" data-element_type=\"container\">\n\t\t<div class=\"elementor-element elementor-element-5fdd577 e-con-full e-flex e-con e-child\" data-id=\"5fdd577\" data-element_type=\"container\">\n\t\t\t\t<div class=\"elementor-element elementor-element-3395003 elementor-widget elementor-widget-heading\" data-id=\"3395003\" data-element_type=\"widget\" data-widget_type=\"heading.default\">\n\t\t\t\t<div class=\"elementor-widget-container\">\n\t\t\t\t\t<h2 class=\"elementor-heading-title elementor-size-default\">SENTIR LA VILLE<\/h2>\t\t\t\t<\/div>\n\t\t\t\t<\/div>\n\t\t\t\t<div class=\"elementor-element elementor-element-eb30610 elementor-widget elementor-widget-heading\" data-id=\"eb30610\" data-element_type=\"widget\" data-widget_type=\"heading.default\">\n\t\t\t\t<div class=\"elementor-widget-container\">\n\t\t\t\t\t<h2 class=\"elementor-heading-title elementor-size-default\">DE CASTELO BRANCO<\/h2>\t\t\t\t<\/div>\n\t\t\t\t<\/div>\n\t\t\t\t<div class=\"elementor-element elementor-element-ca4faff elementor-widget elementor-widget-text-editor\" data-id=\"ca4faff\" data-element_type=\"widget\" data-widget_type=\"text-editor.default\">\n\t\t\t\t<div class=\"elementor-widget-container\">\n\t\t\t\t\t\t\t\t\t<p>Situ\u00e9e au centre du Portugal, Castelo Branco est une ville qui allie histoire, culture et hospitalit\u00e9. Avec un patrimoine vieux de plusieurs si\u00e8cles, cette charmante ville offre une exp\u00e9rience authentique aux visiteurs. Caract\u00e9ris\u00e9e par son architecture traditionnelle et ses monuments historiques, tels que l&#8217;imposant Castelo de Castelo Branco et la cath\u00e9drale S\u00e9, la ville est un v\u00e9ritable tr\u00e9sor pour les amateurs d&#8217;histoire et de culture. Castelo Branco est \u00e9galement connue pour ses jardins et ses espaces verts diss\u00e9min\u00e9s dans toute la ville. Ne manquez pas de go\u00fbter aux plats traditionnels de la gastronomie locale, qui allient saveurs authentiques et ingr\u00e9dients frais.<\/p>\t\t\t\t\t\t\t\t<\/div>\n\t\t\t\t<\/div>\n\t\t\t\t<\/div>\n\t\t\t\t<\/div>\n\t\t\t\t<\/section>\n\t\t<div class=\"elementor-element elementor-element-6d9b414 e-con-full e-flex e-con e-parent\" data-id=\"6d9b414\" data-element_type=\"container\">\n\t\t\t\t<div class=\"elementor-element elementor-element-cbaed58 elementor-widget elementor-widget-heading\" data-id=\"cbaed58\" data-element_type=\"widget\" data-widget_type=\"heading.default\">\n\t\t\t\t<div class=\"elementor-widget-container\">\n\t\t\t\t\t<h5 class=\"elementor-heading-title elementor-size-default\">Que voir et faire\n<\/h5>\t\t\t\t<\/div>\n\t\t\t\t<\/div>\n\t\t<div class=\"elementor-element elementor-element-b346bc2 e-con-full e-flex e-con e-child\" data-id=\"b346bc2\" data-element_type=\"container\">\n\t\t\t\t<div class=\"elementor-element elementor-element-740e4bc elementor-widget elementor-widget-n-carousel\" data-id=\"740e4bc\" data-element_type=\"widget\" data-settings=\"{&quot;carousel_items&quot;:[{&quot;slide_title&quot;:&quot;Slide #1&quot;,&quot;_id&quot;:&quot;bc1ad8d&quot;},{&quot;slide_title&quot;:&quot;Slide #2&quot;,&quot;_id&quot;:&quot;817f723&quot;},{&quot;slide_title&quot;:&quot;Slide #3&quot;,&quot;_id&quot;:&quot;f0475f9&quot;}],&quot;slides_to_show&quot;:&quot;3&quot;,&quot;image_spacing_custom&quot;:{&quot;unit&quot;:&quot;px&quot;,&quot;size&quot;:&quot;30&quot;,&quot;sizes&quot;:[]},&quot;slides_to_show_mobile_extra&quot;:&quot;1&quot;,&quot;slides_to_scroll_mobile_extra&quot;:&quot;1&quot;,&quot;slides_to_show_tablet&quot;:&quot;2&quot;,&quot;slides_to_show_mobile&quot;:&quot;1&quot;,&quot;autoplay&quot;:&quot;yes&quot;,&quot;autoplay_speed&quot;:5000,&quot;pause_on_hover&quot;:&quot;yes&quot;,&quot;pause_on_interaction&quot;:&quot;yes&quot;,&quot;speed&quot;:500,&quot;image_spacing_custom_tablet_extra&quot;:{&quot;unit&quot;:&quot;px&quot;,&quot;size&quot;:&quot;&quot;,&quot;sizes&quot;:[]},&quot;image_spacing_custom_tablet&quot;:{&quot;unit&quot;:&quot;px&quot;,&quot;size&quot;:&quot;&quot;,&quot;sizes&quot;:[]},&quot;image_spacing_custom_mobile_extra&quot;:{&quot;unit&quot;:&quot;px&quot;,&quot;size&quot;:&quot;&quot;,&quot;sizes&quot;:[]},&quot;image_spacing_custom_mobile&quot;:{&quot;unit&quot;:&quot;px&quot;,&quot;size&quot;:&quot;&quot;,&quot;sizes&quot;:[]}}\" data-widget_type=\"nested-carousel.default\">\n\t\t\t\t<div class=\"elementor-widget-container\">\n\t\t\t\t\t\t\t<div class=\"e-n-carousel swiper\" role=\"region\" aria-roledescription=\"carousel\" aria-label=\"Carousel\" dir=\"ltr\">\n\t\t\t<div class=\"swiper-wrapper\" aria-live=\"off\">\n\t\t\t\t\t\t\t\t\t\t<div class=\"swiper-slide\" data-slide=\"1\" role=\"group\" aria-roledescription=\"slide\" aria-label=\"1 sur 3\">\n\t\t\t\t\t\t\t<div class=\"elementor-element elementor-element-53701c7 e-flex e-con-boxed e-con e-child\" data-id=\"53701c7\" data-element_type=\"container\">\n\t\t\t\t\t<div class=\"e-con-inner\">\n\t\t<div class=\"elementor-element elementor-element-89754ef e-con-full e-flex e-con e-child\" data-id=\"89754ef\" data-element_type=\"container\">\n\t\t\t\t<div class=\"elementor-element elementor-element-e0a8418 elementor-widget__width-initial elementor-position-top elementor-widget elementor-widget-image-box\" data-id=\"e0a8418\" data-element_type=\"widget\" data-widget_type=\"image-box.default\">\n\t\t\t\t<div class=\"elementor-widget-container\">\n\t\t\t\t\t<div class=\"elementor-image-box-wrapper\"><figure class=\"elementor-image-box-img\"><img decoding=\"async\" src=\"https:\/\/www.meliacastelobranco.com\/wp-content\/uploads\/sites\/19\/elementor\/thumbs\/destino_castelo_branco-2-qtzxrdfbc1827m0ltxixbakkwa16ozljt3p350s4g8.jpg\" title=\"destino_castelo_branco-2\" alt=\"destino_castelo_branco-2\" loading=\"lazy\" \/><\/figure><div class=\"elementor-image-box-content\"><h3 class=\"elementor-image-box-title\">Gastronomie<\/h3><p class=\"elementor-image-box-description\">Connue pour son hospitalit\u00e9, la ville est r\u00e9put\u00e9e pour sa gastronomie, ses fromages, son huile d'olive et ses saucisses.<\/p><\/div><\/div>\t\t\t\t<\/div>\n\t\t\t\t<\/div>\n\t\t\t\t<\/div>\n\t\t\t\t\t<\/div>\n\t\t\t\t<\/div>\n\t\t\t\t\t\t\t\t<\/div>\n\t\t\t\t\t\t\t\t\t\t\t<div class=\"swiper-slide\" data-slide=\"2\" role=\"group\" aria-roledescription=\"slide\" aria-label=\"2 sur 3\">\n\t\t\t\t\t\t\t<div class=\"elementor-element elementor-element-f76e8da e-flex e-con-boxed e-con e-child\" data-id=\"f76e8da\" data-element_type=\"container\">\n\t\t\t\t\t<div class=\"e-con-inner\">\n\t\t\t\t<div class=\"elementor-element elementor-element-357ba66 elementor-widget__width-initial elementor-position-top elementor-widget elementor-widget-image-box\" data-id=\"357ba66\" data-element_type=\"widget\" data-widget_type=\"image-box.default\">\n\t\t\t\t<div class=\"elementor-widget-container\">\n\t\t\t\t\t<div class=\"elementor-image-box-wrapper\"><figure class=\"elementor-image-box-img\"><img decoding=\"async\" src=\"https:\/\/www.meliacastelobranco.com\/wp-content\/uploads\/sites\/19\/elementor\/thumbs\/destino_castelo_branco-qtzxrdfbc1827m0ltxixbakkwa16ozljt3p350s4g8.jpg\" title=\"destino_castelo_branco\" alt=\"destino_castelo_branco\" loading=\"lazy\" \/><\/figure><div class=\"elementor-image-box-content\"><h3 class=\"elementor-image-box-title\">Patrimoine<\/h3><p class=\"elementor-image-box-description\">Laissez-vous surprendre par la richesse architecturale de Castelo Branco et visitez le Jardim Episcopal do Pa\u00e7o, le Centre d'interpr\u00e9tation de la broderie, le mus\u00e9e Francisco Tavares Proen\u00e7a J\u00fanior et le mus\u00e9e Cargaleiro.<\/p><\/div><\/div>\t\t\t\t<\/div>\n\t\t\t\t<\/div>\n\t\t\t\t\t<\/div>\n\t\t\t\t<\/div>\n\t\t\t\t\t\t\t\t<\/div>\n\t\t\t\t\t\t\t\t\t\t\t<div class=\"swiper-slide\" data-slide=\"3\" role=\"group\" aria-roledescription=\"slide\" aria-label=\"3 sur 3\">\n\t\t\t\t\t\t\t<div class=\"elementor-element elementor-element-2733f80 e-flex e-con-boxed e-con e-child\" data-id=\"2733f80\" data-element_type=\"container\">\n\t\t\t\t\t<div class=\"e-con-inner\">\n\t\t\t\t<div class=\"elementor-element elementor-element-ca50de8 elementor-widget__width-initial elementor-position-top elementor-widget elementor-widget-image-box\" data-id=\"ca50de8\" data-element_type=\"widget\" data-widget_type=\"image-box.default\">\n\t\t\t\t<div class=\"elementor-widget-container\">\n\t\t\t\t\t<div class=\"elementor-image-box-wrapper\"><figure class=\"elementor-image-box-img\"><img decoding=\"async\" src=\"https:\/\/www.meliacastelobranco.com\/wp-content\/uploads\/sites\/19\/elementor\/thumbs\/Melia_Castelo_Branco_Header-qtzxrdfbc1827m0ltxixbakkwa16ozljt3p350s4g8.jpg\" title=\"Melia_Castelo_Branco_Header\" alt=\"Melia_Castelo_Branco_Header\" loading=\"lazy\" \/><\/figure><div class=\"elementor-image-box-content\"><h3 class=\"elementor-image-box-title\">Nature<\/h3><p class=\"elementor-image-box-description\">Castelo Branco offre une multitude de circuits p\u00e9destres qui permettent aux visiteurs de vivre une exp\u00e9rience unique.<\/p><\/div><\/div>\t\t\t\t<\/div>\n\t\t\t\t<\/div>\n\t\t\t\t\t<\/div>\n\t\t\t\t<\/div>\n\t\t\t\t\t\t\t\t<\/div>\n\t\t\t\t\t\t\t\t<\/div>\n\t\t<\/div>\n\t\t\t\t\t\t<\/div>\n\t\t\t\t<\/div>\n\t\t\t\t<\/div>\n\t\t\t\t<\/div>\n\t\t<div class=\"elementor-element elementor-element-ef147e1 e-con-full e-flex e-con e-parent\" data-id=\"ef147e1\" data-element_type=\"container\">\n\t\t\t\t<div class=\"elementor-element elementor-element-77cc4b2 elementor-widget elementor-widget-heading\" data-id=\"77cc4b2\" data-element_type=\"widget\" data-widget_type=\"heading.default\">\n\t\t\t\t<div class=\"elementor-widget-container\">\n\t\t\t\t\t<h5 class=\"elementor-heading-title elementor-size-default\">Comment arriver \u00e0 l'h\u00f4tel<\/h5>\t\t\t\t<\/div>\n\t\t\t\t<\/div>\n\t\t\t\t<\/div>\n\t\t<section class=\"elementor-element elementor-element-6ecac3e e-con-full e-flex e-con e-parent\" data-id=\"6ecac3e\" data-element_type=\"container\">\n\t\t\t\t<div class=\"elementor-element elementor-element-ba2ca3b elementor-widget__width-initial elementor-view-default elementor-position-top elementor-mobile-position-top elementor-widget elementor-widget-icon-box\" data-id=\"ba2ca3b\" data-element_type=\"widget\" data-widget_type=\"icon-box.default\">\n\t\t\t\t<div class=\"elementor-widget-container\">\n\t\t\t\t\t\t\t<div class=\"elementor-icon-box-wrapper\">\n\n\t\t\t\t\t\t<div class=\"elementor-icon-box-icon\">\n\t\t\t\t<span  class=\"elementor-icon\">\n\t\t\t\t<i aria-hidden=\"true\" class=\"fal fa-bus-alt\"><\/i>\t\t\t\t<\/span>\n\t\t\t<\/div>\n\t\t\t\n\t\t\t\t\t\t<div class=\"elementor-icon-box-content\">\n\n\t\t\t\t\t\t\t\t\t<h3 class=\"elementor-icon-box-title\">\n\t\t\t\t\t\t<span  >\n\t\t\t\t\t\t\tBus\t\t\t\t\t\t<\/span>\n\t\t\t\t\t<\/h3>\n\t\t\t\t\n\t\t\t\t\t\t\t\t\t<p class=\"elementor-icon-box-description\">\n\t\t\t\t\t\tLes compagnies de transport routier telles que Rede Nacional de Expressos et Intercentro (Transdev) relient Castelo Branco \u00e0 l'ensemble du pays et \u00e0 divers endroits en Europe.\t\t\t\t\t<\/p>\n\t\t\t\t\n\t\t\t<\/div>\n\t\t\t\n\t\t<\/div>\n\t\t\t\t\t\t<\/div>\n\t\t\t\t<\/div>\n\t\t\t\t<div class=\"elementor-element elementor-element-262a63b elementor-widget__width-initial elementor-view-default elementor-position-top elementor-mobile-position-top elementor-widget elementor-widget-icon-box\" data-id=\"262a63b\" data-element_type=\"widget\" data-widget_type=\"icon-box.default\">\n\t\t\t\t<div class=\"elementor-widget-container\">\n\t\t\t\t\t\t\t<div class=\"elementor-icon-box-wrapper\">\n\n\t\t\t\t\t\t<div class=\"elementor-icon-box-icon\">\n\t\t\t\t<span  class=\"elementor-icon\">\n\t\t\t\t<i aria-hidden=\"true\" class=\"fal fa-cars\"><\/i>\t\t\t\t<\/span>\n\t\t\t<\/div>\n\t\t\t\n\t\t\t\t\t\t<div class=\"elementor-icon-box-content\">\n\n\t\t\t\t\t\t\t\t\t<h3 class=\"elementor-icon-box-title\">\n\t\t\t\t\t\t<span  >\n\t\t\t\t\t\t\tRent-a-car \/ Taxi\t\t\t\t\t\t<\/span>\n\t\t\t\t\t<\/h3>\n\t\t\t\t\n\t\t\t\t\t\t\t\t\t<p class=\"elementor-icon-box-description\">\n\t\t\t\t\t\tDans la zone des arriv\u00e9es de l'a\u00e9roport, il est possible de louer une voiture aupr\u00e8s des soci\u00e9t\u00e9s de location de voitures. Une autre option consiste \u00e0 r\u00e9server \u00e0 l'avance. Les taxis dans la ville ont un tarif moyen de 6,00\u20ac.\t\t\t\t\t<\/p>\n\t\t\t\t\n\t\t\t<\/div>\n\t\t\t\n\t\t<\/div>\n\t\t\t\t\t\t<\/div>\n\t\t\t\t<\/div>\n\t\t\t\t<div class=\"elementor-element elementor-element-a47de37 elementor-widget__width-initial elementor-view-default elementor-position-top elementor-mobile-position-top elementor-widget elementor-widget-icon-box\" data-id=\"a47de37\" data-element_type=\"widget\" data-widget_type=\"icon-box.default\">\n\t\t\t\t<div class=\"elementor-widget-container\">\n\t\t\t\t\t\t\t<div class=\"elementor-icon-box-wrapper\">\n\n\t\t\t\t\t\t<div class=\"elementor-icon-box-icon\">\n\t\t\t\t<span  class=\"elementor-icon\">\n\t\t\t\t<i aria-hidden=\"true\" class=\"fal fa-plane\"><\/i>\t\t\t\t<\/span>\n\t\t\t<\/div>\n\t\t\t\n\t\t\t\t\t\t<div class=\"elementor-icon-box-content\">\n\n\t\t\t\t\t\t\t\t\t<h3 class=\"elementor-icon-box-title\">\n\t\t\t\t\t\t<span  >\n\t\t\t\t\t\t\tPar avion\t\t\t\t\t\t<\/span>\n\t\t\t\t\t<\/h3>\n\t\t\t\t\n\t\t\t\t\t\t\t\t\t<p class=\"elementor-icon-box-description\">\n\t\t\t\t\t\tL'a\u00e9roport Humberto Degado (Lisbonne) se trouve \u00e0 environ 219 kilom\u00e8tres de l'h\u00f4tel et le trajet par l'A1 et l'A23 dure environ 2 heures.\nQuittez l'a\u00e9roport et prenez l'A1 en direction du nord.\nContinuer sur l'A1 et suivre les panneaux pour Coimbra\/Aveiro\/Porto.\nSur l'A1, prendre la sortie 12 pour l'A23 en direction de Castelo Branco\/Abrantes.\nContinuer sur l'A23 jusqu'\u00e0 Castelo Branco.\nSuivez les panneaux indiquant le centre-ville et profitez de votre s\u00e9jour au Meli\u00e1 Castelo Branco.\t\t\t\t\t<\/p>\n\t\t\t\t\n\t\t\t<\/div>\n\t\t\t\n\t\t<\/div>\n\t\t\t\t\t\t<\/div>\n\t\t\t\t<\/div>\n\t\t\t\t<div class=\"elementor-element elementor-element-4093eb6 elementor-widget__width-initial elementor-view-default elementor-position-top elementor-mobile-position-top elementor-widget elementor-widget-icon-box\" data-id=\"4093eb6\" data-element_type=\"widget\" data-widget_type=\"icon-box.default\">\n\t\t\t\t<div class=\"elementor-widget-container\">\n\t\t\t\t\t\t\t<div class=\"elementor-icon-box-wrapper\">\n\n\t\t\t\t\t\t<div class=\"elementor-icon-box-icon\">\n\t\t\t\t<span  class=\"elementor-icon\">\n\t\t\t\t<i aria-hidden=\"true\" class=\"fal fa-plane-arrival\"><\/i>\t\t\t\t<\/span>\n\t\t\t<\/div>\n\t\t\t\n\t\t\t\t\t\t<div class=\"elementor-icon-box-content\">\n\n\t\t\t\t\t\t\t\t\t<h3 class=\"elementor-icon-box-title\">\n\t\t\t\t\t\t<span  >\n\t\t\t\t\t\t\tA\u00e9rodrome\t\t\t\t\t\t<\/span>\n\t\t\t\t\t<\/h3>\n\t\t\t\t\n\t\t\t\t\t\t\t\t\t<p class=\"elementor-icon-box-description\">\n\t\t\t\t\t\tCastelo Branco dispose d'un a\u00e9rodrome r\u00e9cent qui peut \u00eatre utilis\u00e9 par des avions de petite et moyenne taille.\t\t\t\t\t<\/p>\n\t\t\t\t\n\t\t\t<\/div>\n\t\t\t\n\t\t<\/div>\n\t\t\t\t\t\t<\/div>\n\t\t\t\t<\/div>\n\t\t\t\t<\/section>\n\t\t<section class=\"elementor-element elementor-element-71af052 e-con-full e-flex e-con e-parent\" data-id=\"71af052\" data-element_type=\"container\" id=\"cardstitles\">\n\t\t<div class=\"elementor-element elementor-element-d613357 e-con-full e-flex e-con e-child\" data-id=\"d613357\" data-element_type=\"container\">\n\t\t<div class=\"elementor-element elementor-element-97f47e6 e-con-full e-flex e-con e-child\" data-id=\"97f47e6\" data-element_type=\"container\">\n\t\t<div class=\"elementor-element elementor-element-2a90fad e-con-full e-flex e-con e-child\" data-id=\"2a90fad\" data-element_type=\"container\">\n\t\t\t\t<div class=\"elementor-element elementor-element-a5afca3 elementor-widget elementor-widget-heading\" data-id=\"a5afca3\" data-element_type=\"widget\" data-widget_type=\"heading.default\">\n\t\t\t\t<div class=\"elementor-widget-container\">\n\t\t\t\t\t<h2 class=\"elementor-heading-title elementor-size-default\">\u00c9V\u00c8NEMENTS<\/h2>\t\t\t\t<\/div>\n\t\t\t\t<\/div>\n\t\t\t\t<div class=\"elementor-element elementor-element-217b1b5 elementor-widget elementor-widget-heading\" data-id=\"217b1b5\" data-element_type=\"widget\" data-widget_type=\"heading.default\">\n\t\t\t\t<div class=\"elementor-widget-container\">\n\t\t\t\t\t<h2 class=\"elementor-heading-title elementor-size-default\">\u00c0 CASTELO BRANCO<\/h2>\t\t\t\t<\/div>\n\t\t\t\t<\/div>\n\t\t\t\t<\/div>\n\t\t\t\t<\/div>\n\t\t<div class=\"elementor-element elementor-element-7da17e2 e-con-full e-flex e-con e-child\" data-id=\"7da17e2\" data-element_type=\"container\">\n\t\t\t\t<div class=\"elementor-element elementor-element-3ad7540 elementor-widget elementor-widget-n-carousel\" data-id=\"3ad7540\" data-element_type=\"widget\" data-settings=\"{&quot;carousel_items&quot;:[{&quot;slide_title&quot;:&quot;Slide #1&quot;,&quot;_id&quot;:&quot;bc1ad8d&quot;},{&quot;slide_title&quot;:&quot;Slide #2&quot;,&quot;_id&quot;:&quot;817f723&quot;},{&quot;_id&quot;:&quot;57d1545&quot;,&quot;slide_title&quot;:&quot;Slide #3&quot;}],&quot;slides_to_show&quot;:&quot;3&quot;,&quot;image_spacing_custom&quot;:{&quot;unit&quot;:&quot;px&quot;,&quot;size&quot;:&quot;30&quot;,&quot;sizes&quot;:[]},&quot;slides_to_show_mobile_extra&quot;:&quot;1&quot;,&quot;slides_to_scroll_mobile_extra&quot;:&quot;1&quot;,&quot;slides_to_show_tablet&quot;:&quot;2&quot;,&quot;slides_to_show_mobile&quot;:&quot;1&quot;,&quot;autoplay&quot;:&quot;yes&quot;,&quot;autoplay_speed&quot;:5000,&quot;pause_on_hover&quot;:&quot;yes&quot;,&quot;pause_on_interaction&quot;:&quot;yes&quot;,&quot;speed&quot;:500,&quot;image_spacing_custom_tablet_extra&quot;:{&quot;unit&quot;:&quot;px&quot;,&quot;size&quot;:&quot;&quot;,&quot;sizes&quot;:[]},&quot;image_spacing_custom_tablet&quot;:{&quot;unit&quot;:&quot;px&quot;,&quot;size&quot;:&quot;&quot;,&quot;sizes&quot;:[]},&quot;image_spacing_custom_mobile_extra&quot;:{&quot;unit&quot;:&quot;px&quot;,&quot;size&quot;:&quot;&quot;,&quot;sizes&quot;:[]},&quot;image_spacing_custom_mobile&quot;:{&quot;unit&quot;:&quot;px&quot;,&quot;size&quot;:&quot;&quot;,&quot;sizes&quot;:[]}}\" data-widget_type=\"nested-carousel.default\">\n\t\t\t\t<div class=\"elementor-widget-container\">\n\t\t\t\t\t\t\t<div class=\"e-n-carousel swiper\" role=\"region\" aria-roledescription=\"carousel\" aria-label=\"Carousel\" dir=\"ltr\">\n\t\t\t<div class=\"swiper-wrapper\" aria-live=\"off\">\n\t\t\t\t\t\t\t\t\t\t<div class=\"swiper-slide\" data-slide=\"1\" role=\"group\" aria-roledescription=\"slide\" aria-label=\"1 sur 3\">\n\t\t\t\t\t\t\t<div class=\"elementor-element elementor-element-40632e3 e-flex e-con-boxed e-con e-child\" data-id=\"40632e3\" data-element_type=\"container\">\n\t\t\t\t\t<div class=\"e-con-inner\">\n\t\t<div class=\"elementor-element elementor-element-f5bd011 e-con-full e-flex e-con e-child\" data-id=\"f5bd011\" data-element_type=\"container\">\n\t\t\t\t<div class=\"elementor-element elementor-element-05e60f6 elementor-widget__width-initial elementor-position-top elementor-widget elementor-widget-image-box\" data-id=\"05e60f6\" data-element_type=\"widget\" data-widget_type=\"image-box.default\">\n\t\t\t\t<div class=\"elementor-widget-container\">\n\t\t\t\t\t<div class=\"elementor-image-box-wrapper\"><figure class=\"elementor-image-box-img\"><a href=\"https:\/\/ena.aeroubi.pt\/festival-aereo\/\" target=\"_blank\" tabindex=\"-1\"><img fetchpriority=\"high\" decoding=\"async\" width=\"402\" height=\"500\" src=\"https:\/\/www.meliacastelobranco.com\/wp-content\/uploads\/sites\/19\/2024\/05\/destino_evento_2.jpg\" class=\"attachment-full size-full wp-image-19503\" alt=\"destino_evento_2\" srcset=\"https:\/\/www.meliacastelobranco.com\/wp-content\/uploads\/sites\/19\/2024\/05\/destino_evento_2.jpg 402w, https:\/\/www.meliacastelobranco.com\/wp-content\/uploads\/sites\/19\/2024\/05\/destino_evento_2-241x300.jpg 241w\" sizes=\"(max-width: 402px) 100vw, 402px\" \/><\/a><\/figure><div class=\"elementor-image-box-content\"><h3 class=\"elementor-image-box-title\"><a href=\"https:\/\/ena.aeroubi.pt\/festival-aereo\/\" target=\"_blank\">Festival de l'air<\/a><\/h3><p class=\"elementor-image-box-description\">Le festival de l'air de l'a\u00e9rodrome municipal de Castelo Branco propose des expositions, des bapt\u00eames de l'air, des d\u00e9monstrations d'a\u00e9romod\u00e9lisme et d'autres activit\u00e9s \u00e0 appr\u00e9cier tout au long du week-end.<\/p><\/div><\/div>\t\t\t\t<\/div>\n\t\t\t\t<\/div>\n\t\t\t\t<\/div>\n\t\t\t\t\t<\/div>\n\t\t\t\t<\/div>\n\t\t\t\t\t\t\t\t<\/div>\n\t\t\t\t\t\t\t\t\t\t\t<div class=\"swiper-slide\" data-slide=\"2\" role=\"group\" aria-roledescription=\"slide\" aria-label=\"2 sur 3\">\n\t\t\t\t\t\t\t<div class=\"elementor-element elementor-element-036c9fe e-flex e-con-boxed e-con e-child\" data-id=\"036c9fe\" data-element_type=\"container\">\n\t\t\t\t\t<div class=\"e-con-inner\">\n\t\t\t\t<div class=\"elementor-element elementor-element-fe52e3f elementor-widget__width-initial elementor-position-top elementor-widget elementor-widget-image-box\" data-id=\"fe52e3f\" data-element_type=\"widget\" data-widget_type=\"image-box.default\">\n\t\t\t\t<div class=\"elementor-widget-container\">\n\t\t\t\t\t<div class=\"elementor-image-box-wrapper\"><figure class=\"elementor-image-box-img\"><a href=\"https:\/\/www.boomfestival.org\/\" tabindex=\"-1\"><img decoding=\"async\" width=\"402\" height=\"500\" src=\"https:\/\/www.meliacastelobranco.com\/wp-content\/uploads\/sites\/19\/2024\/05\/destino_evento.jpg\" class=\"attachment-full size-full wp-image-18898\" alt=\"destino_evento\" srcset=\"https:\/\/www.meliacastelobranco.com\/wp-content\/uploads\/sites\/19\/2024\/05\/destino_evento.jpg 402w, https:\/\/www.meliacastelobranco.com\/wp-content\/uploads\/sites\/19\/2024\/05\/destino_evento-241x300.jpg 241w\" sizes=\"(max-width: 402px) 100vw, 402px\" \/><\/a><\/figure><div class=\"elementor-image-box-content\"><h3 class=\"elementor-image-box-title\"><a href=\"https:\/\/www.boomfestival.org\/\">Festival Boom<\/a><\/h3><p class=\"elementor-image-box-description\">Le Boom Festival se d\u00e9roule au r\u00e9servoir d'Idanha-a-Nova, un village proche de la ville de Castelo Branco, o\u00f9 l'art est c\u00e9l\u00e9br\u00e9 en m\u00eame temps que la nature.<\/p><\/div><\/div>\t\t\t\t<\/div>\n\t\t\t\t<\/div>\n\t\t\t\t\t<\/div>\n\t\t\t\t<\/div>\n\t\t\t\t\t\t\t\t<\/div>\n\t\t\t\t\t\t\t\t\t\t\t<div class=\"swiper-slide\" data-slide=\"3\" role=\"group\" aria-roledescription=\"slide\" aria-label=\"3 sur 3\">\n\t\t\t\t\t\t\t<div class=\"elementor-element elementor-element-3b2e14b e-flex e-con-boxed e-con e-child\" data-id=\"3b2e14b\" data-element_type=\"container\">\n\t\t\t\t\t<div class=\"e-con-inner\">\n\t\t<div class=\"elementor-element elementor-element-3e69a43 e-con-full e-flex e-con e-child\" data-id=\"3e69a43\" data-element_type=\"container\">\n\t\t\t\t<div class=\"elementor-element elementor-element-c065ef0 elementor-widget__width-initial elementor-position-top elementor-widget elementor-widget-image-box\" data-id=\"c065ef0\" data-element_type=\"widget\" data-widget_type=\"image-box.default\">\n\t\t\t\t<div class=\"elementor-widget-container\">\n\t\t\t\t\t<div class=\"elementor-image-box-wrapper\"><figure class=\"elementor-image-box-img\"><a href=\"https:\/\/picadeiroopensounds.com\/\" target=\"_blank\" tabindex=\"-1\"><img decoding=\"async\" width=\"402\" height=\"500\" src=\"https:\/\/www.meliacastelobranco.com\/wp-content\/uploads\/sites\/19\/2024\/05\/destino_evento_1.jpg\" class=\"attachment-full size-full wp-image-19498\" alt=\"destino_evento_1\" srcset=\"https:\/\/www.meliacastelobranco.com\/wp-content\/uploads\/sites\/19\/2024\/05\/destino_evento_1.jpg 402w, https:\/\/www.meliacastelobranco.com\/wp-content\/uploads\/sites\/19\/2024\/05\/destino_evento_1-241x300.jpg 241w\" sizes=\"(max-width: 402px) 100vw, 402px\" \/><\/a><\/figure><div class=\"elementor-image-box-content\"><h3 class=\"elementor-image-box-title\"><a href=\"https:\/\/picadeiroopensounds.com\/\" target=\"_blank\">Picadeiro Open Sound<\/a><\/h3><p class=\"elementor-image-box-description\">Picadeiro Open Sound est un festival num\u00e9rique qui rassemble divers artistes pour une journ\u00e9e pleine d'\u00e9nergie et de musique dans le village d'Alpedrinha, \u00e0 30 minutes de route du Meli\u00e1 Castelo Branco.<\/p><\/div><\/div>\t\t\t\t<\/div>\n\t\t\t\t<\/div>\n\t\t\t\t<\/div>\n\t\t\t\t\t<\/div>\n\t\t\t\t<\/div>\n\t\t\t\t\t\t\t\t<\/div>\n\t\t\t\t\t\t\t\t<\/div>\n\t\t<\/div>\n\t\t\t\t\t\t<\/div>\n\t\t\t\t<\/div>\n\t\t\t\t<\/div>\n\t\t\t\t<\/div>\n\t\t\t\t<\/section>\n\t\t\t\t<\/div>\n\t\t","protected":false},"excerpt":{"rendered":"<p>CASTELO BRANCO C&#8217;est sur la colline de Cardosa, occup\u00e9e par des colons romains, que Castelo Branco a vu le jour sous le nom d&#8217;Albi Castrum. Apr\u00e8s une p\u00e9riode troubl\u00e9e par les invasions fran\u00e7aises, dont l&#8217;un des champs de bataille se trouvait ici, l&#8217;inauguration de la ligne de chemin de fer \u00e0 la fin du XIXe [&hellip;]<\/p>\n","protected":false},"author":1,"featured_media":0,"parent":0,"menu_order":0,"comment_status":"closed","ping_status":"closed","template":"","meta":{"_acf_changed":false,"footnotes":""},"class_list":["post-8049","page","type-page","status-publish","hentry"],"acf":[],"yoast_head":"<!-- This site is optimized with the Yoast SEO plugin v24.5 - https:\/\/yoast.com\/wordpress\/plugins\/seo\/ -->\n<title>Castelo Branco - Melia Castelo Branco<\/title>\n<meta name=\"description\" content=\"O Meli\u00e1 Castelo Branco est\u00e1 situado junto ao castelo no alto de uma bonita colina com magn\u00edfica vista panor\u00e2mica da cidade.\" \/>\n<meta name=\"robots\" content=\"index, follow, max-snippet:-1, max-image-preview:large, max-video-preview:-1\" \/>\n<link rel=\"canonical\" href=\"https:\/\/www.meliacastelobranco.com\/fr\/castelo-branco\/\" \/>\n<meta property=\"og:locale\" content=\"fr_FR\" \/>\n<meta property=\"og:type\" content=\"article\" \/>\n<meta property=\"og:title\" content=\"Castelo Branco - Melia Castelo Branco\" \/>\n<meta property=\"og:description\" content=\"O Meli\u00e1 Castelo Branco est\u00e1 situado junto ao castelo no alto de uma bonita colina com magn\u00edfica vista panor\u00e2mica da cidade.\" \/>\n<meta property=\"og:url\" content=\"https:\/\/www.meliacastelobranco.com\/fr\/castelo-branco\/\" \/>\n<meta property=\"og:site_name\" content=\"Melia Castelo Branco\" \/>\n<meta property=\"article:publisher\" content=\"https:\/\/www.instagram.com\/meliacastelobranco\/\" \/>\n<meta property=\"article:modified_time\" content=\"2024-11-26T15:56:50+00:00\" \/>\n<meta property=\"og:image\" content=\"https:\/\/www.meliacastelobranco.com\/wp-content\/uploads\/sites\/19\/elementor\/thumbs\/destino_castelo_branco-2-qtzxrdfbc1827m0ltxixbakkwa16ozljt3p350s4g8.jpg\" \/>\n<meta name=\"twitter:card\" content=\"summary_large_image\" \/>\n<meta name=\"twitter:label1\" content=\"Dur\u00e9e de lecture estim\u00e9e\" \/>\n\t<meta name=\"twitter:data1\" content=\"7 minutes\" \/>\n<script type=\"application\/ld+json\" class=\"yoast-schema-graph\">{\"@context\":\"https:\/\/schema.org\",\"@graph\":[{\"@type\":\"WebPage\",\"@id\":\"https:\/\/www.meliacastelobranco.com\/fr\/castelo-branco\/\",\"url\":\"https:\/\/www.meliacastelobranco.com\/fr\/castelo-branco\/\",\"name\":\"Castelo Branco - Melia Castelo Branco\",\"isPartOf\":{\"@id\":\"https:\/\/www.meliacastelobranco.com\/fr\/#website\"},\"primaryImageOfPage\":{\"@id\":\"https:\/\/www.meliacastelobranco.com\/fr\/castelo-branco\/#primaryimage\"},\"image\":{\"@id\":\"https:\/\/www.meliacastelobranco.com\/fr\/castelo-branco\/#primaryimage\"},\"thumbnailUrl\":\"https:\/\/www.meliacastelobranco.com\/wp-content\/uploads\/sites\/19\/elementor\/thumbs\/destino_castelo_branco-2-qtzxrdfbc1827m0ltxixbakkwa16ozljt3p350s4g8.jpg\",\"datePublished\":\"2023-12-19T12:17:38+00:00\",\"dateModified\":\"2024-11-26T15:56:50+00:00\",\"description\":\"O Meli\u00e1 Castelo Branco est\u00e1 situado junto ao castelo no alto de uma bonita colina com magn\u00edfica vista panor\u00e2mica da cidade.\",\"breadcrumb\":{\"@id\":\"https:\/\/www.meliacastelobranco.com\/fr\/castelo-branco\/#breadcrumb\"},\"inLanguage\":\"fr-FR\",\"potentialAction\":[{\"@type\":\"ReadAction\",\"target\":[\"https:\/\/www.meliacastelobranco.com\/fr\/castelo-branco\/\"]}]},{\"@type\":\"ImageObject\",\"inLanguage\":\"fr-FR\",\"@id\":\"https:\/\/www.meliacastelobranco.com\/fr\/castelo-branco\/#primaryimage\",\"url\":\"https:\/\/www.meliacastelobranco.com\/wp-content\/uploads\/sites\/19\/elementor\/thumbs\/destino_castelo_branco-2-qtzxrdfbc1827m0ltxixbakkwa16ozljt3p350s4g8.jpg\",\"contentUrl\":\"https:\/\/www.meliacastelobranco.com\/wp-content\/uploads\/sites\/19\/elementor\/thumbs\/destino_castelo_branco-2-qtzxrdfbc1827m0ltxixbakkwa16ozljt3p350s4g8.jpg\"},{\"@type\":\"BreadcrumbList\",\"@id\":\"https:\/\/www.meliacastelobranco.com\/fr\/castelo-branco\/#breadcrumb\",\"itemListElement\":[{\"@type\":\"ListItem\",\"position\":1,\"name\":\"In\u00edcio\",\"item\":\"https:\/\/www.meliacastelobranco.com\/fr\/\"},{\"@type\":\"ListItem\",\"position\":2,\"name\":\"Castelo Branco\"}]},{\"@type\":\"WebSite\",\"@id\":\"https:\/\/www.meliacastelobranco.com\/fr\/#website\",\"url\":\"https:\/\/www.meliacastelobranco.com\/fr\/\",\"name\":\"Meli\u00e1 Castelo Branco\",\"description\":\"O Meli\u00e1 Castelo Branco est\u00e1 situado junto ao castelo no alto de uma bonita colina com magn\u00edfica vista panor\u00e2mica da cidade.\",\"publisher\":{\"@id\":\"https:\/\/www.meliacastelobranco.com\/fr\/#organization\"},\"alternateName\":\"Meli\u00e1 Castelo Branco\",\"potentialAction\":[{\"@type\":\"SearchAction\",\"target\":{\"@type\":\"EntryPoint\",\"urlTemplate\":\"https:\/\/www.meliacastelobranco.com\/fr\/?s={search_term_string}\"},\"query-input\":{\"@type\":\"PropertyValueSpecification\",\"valueRequired\":true,\"valueName\":\"search_term_string\"}}],\"inLanguage\":\"fr-FR\"},{\"@type\":\"Organization\",\"@id\":\"https:\/\/www.meliacastelobranco.com\/fr\/#organization\",\"name\":\"Meli\u00e1 Castelo Branco\",\"alternateName\":\"Meli\u00e1 Castelo Branco\",\"url\":\"https:\/\/www.meliacastelobranco.com\/fr\/\",\"logo\":{\"@type\":\"ImageObject\",\"inLanguage\":\"fr-FR\",\"@id\":\"https:\/\/www.meliacastelobranco.com\/fr\/#\/schema\/logo\/image\/\",\"url\":\"https:\/\/www.meliacastelobranco.com\/wp-content\/uploads\/sites\/19\/2024\/06\/Logo_Mobile_MeliaCasteloBranco.png\",\"contentUrl\":\"https:\/\/www.meliacastelobranco.com\/wp-content\/uploads\/sites\/19\/2024\/06\/Logo_Mobile_MeliaCasteloBranco.png\",\"width\":148,\"height\":60,\"caption\":\"Meli\u00e1 Castelo Branco\"},\"image\":{\"@id\":\"https:\/\/www.meliacastelobranco.com\/fr\/#\/schema\/logo\/image\/\"},\"sameAs\":[\"https:\/\/www.instagram.com\/meliacastelobranco\/\",\"https:\/\/www.linkedin.com\/company\/hoti-hoteis\/posts\/?feedView=all\",\"https:\/\/www.youtube.com\/channel\/UCP0ugsnZVvziVrrstHe2gqg\",\"https:\/\/www.tripadvisor.pt\/UserReviewEdit-g189142-d231467-Melia_Castelo_Branco-Castelo_Branco_Castelo_Branco_District_Central_Portugal.html\"]}]}<\/script>\n<!-- \/ Yoast SEO plugin. -->","yoast_head_json":{"title":"Castelo Branco - Melia Castelo Branco","description":"O Meli\u00e1 Castelo Branco est\u00e1 situado junto ao castelo no alto de uma bonita colina com magn\u00edfica vista panor\u00e2mica da cidade.","robots":{"index":"index","follow":"follow","max-snippet":"max-snippet:-1","max-image-preview":"max-image-preview:large","max-video-preview":"max-video-preview:-1"},"canonical":"https:\/\/www.meliacastelobranco.com\/fr\/castelo-branco\/","og_locale":"fr_FR","og_type":"article","og_title":"Castelo Branco - Melia Castelo Branco","og_description":"O Meli\u00e1 Castelo Branco est\u00e1 situado junto ao castelo no alto de uma bonita colina com magn\u00edfica vista panor\u00e2mica da cidade.","og_url":"https:\/\/www.meliacastelobranco.com\/fr\/castelo-branco\/","og_site_name":"Melia Castelo Branco","article_publisher":"https:\/\/www.instagram.com\/meliacastelobranco\/","article_modified_time":"2024-11-26T15:56:50+00:00","og_image":[{"url":"https:\/\/www.meliacastelobranco.com\/wp-content\/uploads\/sites\/19\/elementor\/thumbs\/destino_castelo_branco-2-qtzxrdfbc1827m0ltxixbakkwa16ozljt3p350s4g8.jpg","type":"","width":"","height":""}],"twitter_card":"summary_large_image","twitter_misc":{"Dur\u00e9e de lecture estim\u00e9e":"7 minutes"},"schema":{"@context":"https:\/\/schema.org","@graph":[{"@type":"WebPage","@id":"https:\/\/www.meliacastelobranco.com\/fr\/castelo-branco\/","url":"https:\/\/www.meliacastelobranco.com\/fr\/castelo-branco\/","name":"Castelo Branco - Melia Castelo Branco","isPartOf":{"@id":"https:\/\/www.meliacastelobranco.com\/fr\/#website"},"primaryImageOfPage":{"@id":"https:\/\/www.meliacastelobranco.com\/fr\/castelo-branco\/#primaryimage"},"image":{"@id":"https:\/\/www.meliacastelobranco.com\/fr\/castelo-branco\/#primaryimage"},"thumbnailUrl":"https:\/\/www.meliacastelobranco.com\/wp-content\/uploads\/sites\/19\/elementor\/thumbs\/destino_castelo_branco-2-qtzxrdfbc1827m0ltxixbakkwa16ozljt3p350s4g8.jpg","datePublished":"2023-12-19T12:17:38+00:00","dateModified":"2024-11-26T15:56:50+00:00","description":"O Meli\u00e1 Castelo Branco est\u00e1 situado junto ao castelo no alto de uma bonita colina com magn\u00edfica vista panor\u00e2mica da cidade.","breadcrumb":{"@id":"https:\/\/www.meliacastelobranco.com\/fr\/castelo-branco\/#breadcrumb"},"inLanguage":"fr-FR","potentialAction":[{"@type":"ReadAction","target":["https:\/\/www.meliacastelobranco.com\/fr\/castelo-branco\/"]}]},{"@type":"ImageObject","inLanguage":"fr-FR","@id":"https:\/\/www.meliacastelobranco.com\/fr\/castelo-branco\/#primaryimage","url":"https:\/\/www.meliacastelobranco.com\/wp-content\/uploads\/sites\/19\/elementor\/thumbs\/destino_castelo_branco-2-qtzxrdfbc1827m0ltxixbakkwa16ozljt3p350s4g8.jpg","contentUrl":"https:\/\/www.meliacastelobranco.com\/wp-content\/uploads\/sites\/19\/elementor\/thumbs\/destino_castelo_branco-2-qtzxrdfbc1827m0ltxixbakkwa16ozljt3p350s4g8.jpg"},{"@type":"BreadcrumbList","@id":"https:\/\/www.meliacastelobranco.com\/fr\/castelo-branco\/#breadcrumb","itemListElement":[{"@type":"ListItem","position":1,"name":"In\u00edcio","item":"https:\/\/www.meliacastelobranco.com\/fr\/"},{"@type":"ListItem","position":2,"name":"Castelo Branco"}]},{"@type":"WebSite","@id":"https:\/\/www.meliacastelobranco.com\/fr\/#website","url":"https:\/\/www.meliacastelobranco.com\/fr\/","name":"Meli\u00e1 Castelo Branco","description":"O Meli\u00e1 Castelo Branco est\u00e1 situado junto ao castelo no alto de uma bonita colina com magn\u00edfica vista panor\u00e2mica da cidade.","publisher":{"@id":"https:\/\/www.meliacastelobranco.com\/fr\/#organization"},"alternateName":"Meli\u00e1 Castelo Branco","potentialAction":[{"@type":"SearchAction","target":{"@type":"EntryPoint","urlTemplate":"https:\/\/www.meliacastelobranco.com\/fr\/?s={search_term_string}"},"query-input":{"@type":"PropertyValueSpecification","valueRequired":true,"valueName":"search_term_string"}}],"inLanguage":"fr-FR"},{"@type":"Organization","@id":"https:\/\/www.meliacastelobranco.com\/fr\/#organization","name":"Meli\u00e1 Castelo Branco","alternateName":"Meli\u00e1 Castelo Branco","url":"https:\/\/www.meliacastelobranco.com\/fr\/","logo":{"@type":"ImageObject","inLanguage":"fr-FR","@id":"https:\/\/www.meliacastelobranco.com\/fr\/#\/schema\/logo\/image\/","url":"https:\/\/www.meliacastelobranco.com\/wp-content\/uploads\/sites\/19\/2024\/06\/Logo_Mobile_MeliaCasteloBranco.png","contentUrl":"https:\/\/www.meliacastelobranco.com\/wp-content\/uploads\/sites\/19\/2024\/06\/Logo_Mobile_MeliaCasteloBranco.png","width":148,"height":60,"caption":"Meli\u00e1 Castelo Branco"},"image":{"@id":"https:\/\/www.meliacastelobranco.com\/fr\/#\/schema\/logo\/image\/"},"sameAs":["https:\/\/www.instagram.com\/meliacastelobranco\/","https:\/\/www.linkedin.com\/company\/hoti-hoteis\/posts\/?feedView=all","https:\/\/www.youtube.com\/channel\/UCP0ugsnZVvziVrrstHe2gqg","https:\/\/www.tripadvisor.pt\/UserReviewEdit-g189142-d231467-Melia_Castelo_Branco-Castelo_Branco_Castelo_Branco_District_Central_Portugal.html"]}]}},"_links":{"self":[{"href":"https:\/\/www.meliacastelobranco.com\/fr\/wp-json\/wp\/v2\/pages\/8049","targetHints":{"allow":["GET"]}}],"collection":[{"href":"https:\/\/www.meliacastelobranco.com\/fr\/wp-json\/wp\/v2\/pages"}],"about":[{"href":"https:\/\/www.meliacastelobranco.com\/fr\/wp-json\/wp\/v2\/types\/page"}],"author":[{"embeddable":true,"href":"https:\/\/www.meliacastelobranco.com\/fr\/wp-json\/wp\/v2\/users\/1"}],"replies":[{"embeddable":true,"href":"https:\/\/www.meliacastelobranco.com\/fr\/wp-json\/wp\/v2\/comments?post=8049"}],"version-history":[{"count":10,"href":"https:\/\/www.meliacastelobranco.com\/fr\/wp-json\/wp\/v2\/pages\/8049\/revisions"}],"predecessor-version":[{"id":22244,"href":"https:\/\/www.meliacastelobranco.com\/fr\/wp-json\/wp\/v2\/pages\/8049\/revisions\/22244"}],"wp:attachment":[{"href":"https:\/\/www.meliacastelobranco.com\/fr\/wp-json\/wp\/v2\/media?parent=8049"}],"curies":[{"name":"wp","href":"https:\/\/api.w.org\/{rel}","templated":true}]}}