{"id":15587,"date":"2024-04-24T16:17:59","date_gmt":"2024-04-24T15:17:59","guid":{"rendered":"https:\/\/basemelia.tryplisboacaparica.com\/politica-ambiental\/"},"modified":"2024-10-14T11:44:01","modified_gmt":"2024-10-14T10:44:01","slug":"politica-ambiental","status":"publish","type":"page","link":"https:\/\/www.meliacastelobranco.com\/es\/politica-ambiental\/","title":{"rendered":"Pol\u00edtica Ambiental"},"content":{"rendered":"\t\t<div data-elementor-type=\"wp-page\" data-elementor-id=\"15587\" class=\"elementor elementor-15587 elementor-15104\" data-elementor-post-type=\"page\">\n\t\t\t\t<section class=\"elementor-element elementor-element-6c6eb2b e-con-full e-flex e-con e-parent\" data-id=\"6c6eb2b\" data-element_type=\"container\" data-settings=\"{&quot;background_background&quot;:&quot;classic&quot;}\">\n\t\t<div class=\"elementor-element elementor-element-88c41f8 e-con-full e-flex e-con e-child\" data-id=\"88c41f8\" data-element_type=\"container\">\n\t\t\t\t<div class=\"elementor-element elementor-element-d99bec5 elementor-widget elementor-widget-heading\" data-id=\"d99bec5\" data-element_type=\"widget\" data-widget_type=\"heading.default\">\n\t\t\t\t<div class=\"elementor-widget-container\">\n\t\t\t\t\t<h1 class=\"elementor-heading-title elementor-size-default\">Pol\u00edtica<\/h1>\t\t\t\t<\/div>\n\t\t\t\t<\/div>\n\t\t\t\t<div class=\"elementor-element elementor-element-1de591b elementor-widget elementor-widget-heading\" data-id=\"1de591b\" data-element_type=\"widget\" data-widget_type=\"heading.default\">\n\t\t\t\t<div class=\"elementor-widget-container\">\n\t\t\t\t\t<h1 class=\"elementor-heading-title elementor-size-default\">Ambiental<\/h1>\t\t\t\t<\/div>\n\t\t\t\t<\/div>\n\t\t\t\t<\/div>\n\t\t\t\t<\/section>\n\t\t<section class=\"elementor-element elementor-element-cab6987 e-con-full e-flex e-con e-parent\" data-id=\"cab6987\" data-element_type=\"container\">\n\t\t\t\t<div class=\"elementor-element elementor-element-a610a2c elementor-widget elementor-widget-text-editor\" data-id=\"a610a2c\" data-element_type=\"widget\" data-widget_type=\"text-editor.default\">\n\t\t\t\t<div class=\"elementor-widget-container\">\n\t\t\t\t\t\t\t\t\t<p>El hotel <strong>Meli\u00e1 Castelo Branco<\/strong> es consciente de la importancia de una gesti\u00f3n responsable y sostenible en el desarrollo de la actividad hotelera. Bajo estas directrices, nos comprometemos a desarrollar y adoptar buenas pr\u00e1cticas dirigidas a minimizar el impacto ambiental de nuestros servicios, preservar los recursos naturales, la eficiencia energ\u00e9tica y construir un futuro sostenible en el sector tur\u00edstico. Para ello, <strong>Meli\u00e1 Castelo Branco<\/strong> establece esta pol\u00edtica en los siguientes t\u00e9rminos:<\/p>\t\t\t\t\t\t\t\t<\/div>\n\t\t\t\t<\/div>\n\t\t\t\t<\/section>\n\t\t<section class=\"elementor-element elementor-element-16e7567 e-con-full e-flex e-con e-parent\" data-id=\"16e7567\" data-element_type=\"container\">\n\t\t<div class=\"elementor-element elementor-element-32eb677 e-con-full e-flex e-con e-child\" data-id=\"32eb677\" data-element_type=\"container\" data-settings=\"{&quot;background_background&quot;:&quot;classic&quot;}\">\n\t\t\t\t<div class=\"elementor-element elementor-element-0675144 elementor-widget elementor-widget-spacer\" data-id=\"0675144\" data-element_type=\"widget\" data-widget_type=\"spacer.default\">\n\t\t\t\t<div class=\"elementor-widget-container\">\n\t\t\t\t\t\t\t<div class=\"elementor-spacer\">\n\t\t\t<div class=\"elementor-spacer-inner\"><\/div>\n\t\t<\/div>\n\t\t\t\t\t\t<\/div>\n\t\t\t\t<\/div>\n\t\t\t\t<\/div>\n\t\t<div class=\"elementor-element elementor-element-d63fbdc e-con-full e-flex e-con e-child\" data-id=\"d63fbdc\" data-element_type=\"container\">\n\t\t<div class=\"elementor-element elementor-element-1591f18 e-con-full e-flex e-con e-child\" data-id=\"1591f18\" data-element_type=\"container\">\n\t\t\t\t<div class=\"elementor-element elementor-element-aa51c00 elementor-widget elementor-widget-text-editor\" data-id=\"aa51c00\" data-element_type=\"widget\" data-widget_type=\"text-editor.default\">\n\t\t\t\t<div class=\"elementor-widget-container\">\n\t\t\t\t\t\t\t\t\t<p>Cumplir los requisitos legales y ambientales aplicables a su actividad, evaluando peri\u00f3dicamente sus impactos.<\/p><p>Promover la sensibilizaci\u00f3n y formaci\u00f3n ambiental entre los empleados para implicarles y formarles en buenas pr\u00e1cticas ambientales.<\/p><p>Cooperar y promover la comunicaci\u00f3n con organismos y asociaciones gubernamentales y externas.<\/p>\t\t\t\t\t\t\t\t<\/div>\n\t\t\t\t<\/div>\n\t\t\t\t<\/div>\n\t\t\t\t<\/div>\n\t\t\t\t<\/section>\n\t\t<section class=\"elementor-element elementor-element-0928446 e-con-full e-flex e-con e-parent\" data-id=\"0928446\" data-element_type=\"container\">\n\t\t<div class=\"elementor-element elementor-element-e894d0e e-con-full e-flex e-con e-child\" data-id=\"e894d0e\" data-element_type=\"container\">\n\t\t<div class=\"elementor-element elementor-element-b5cc52a e-con-full e-flex e-con e-child\" data-id=\"b5cc52a\" data-element_type=\"container\">\n\t\t\t\t<div class=\"elementor-element elementor-element-fea7ff0 elementor-widget__width-initial elementor-widget elementor-widget-text-editor\" data-id=\"fea7ff0\" data-element_type=\"widget\" data-widget_type=\"text-editor.default\">\n\t\t\t\t<div class=\"elementor-widget-container\">\n\t\t\t\t\t\t\t\t\t<p>Fomentar la implicaci\u00f3n de los proveedores en cuestiones de buenas pr\u00e1cticas medioambientales con vistas a mejorar el rendimiento en este \u00e1mbito y el de toda la operaci\u00f3n implicada.<\/p><p>Reducir y controlar el consumo de energ\u00eda y materias primas.<\/p><p>Adoptar una actitud de mejora continua en la prevenci\u00f3n de la contaminaci\u00f3n.<\/p><p>Consolidar la conquista de clientes dispuestos a aprovechar los servicios ofrecidos por la empresa, con un alto nivel de calidad.<\/p>\t\t\t\t\t\t\t\t<\/div>\n\t\t\t\t<\/div>\n\t\t\t\t<\/div>\n\t\t\t\t<\/div>\n\t\t<div class=\"elementor-element elementor-element-2ac5ff6 e-con-full e-flex e-con e-child\" data-id=\"2ac5ff6\" data-element_type=\"container\" data-settings=\"{&quot;background_background&quot;:&quot;classic&quot;}\">\n\t\t\t\t<div class=\"elementor-element elementor-element-84b994a elementor-widget elementor-widget-spacer\" data-id=\"84b994a\" data-element_type=\"widget\" data-widget_type=\"spacer.default\">\n\t\t\t\t<div class=\"elementor-widget-container\">\n\t\t\t\t\t\t\t<div class=\"elementor-spacer\">\n\t\t\t<div class=\"elementor-spacer-inner\"><\/div>\n\t\t<\/div>\n\t\t\t\t\t\t<\/div>\n\t\t\t\t<\/div>\n\t\t\t\t<\/div>\n\t\t\t\t<\/section>\n\t\t<section class=\"elementor-element elementor-element-a29bc57 e-con-full e-flex e-con e-parent\" data-id=\"a29bc57\" data-element_type=\"container\">\n\t\t\t\t<div class=\"elementor-element elementor-element-804f03e elementor-widget elementor-widget-text-editor\" data-id=\"804f03e\" data-element_type=\"widget\" data-widget_type=\"text-editor.default\">\n\t\t\t\t<div class=\"elementor-widget-container\">\n\t\t\t\t\t\t\t\t\t<p>Teniendo en cuenta estos principios, adem\u00e1s de proporcionar los recursos necesarios y adecuados, incluyendo la apuesta en recursos humanos especializados, con formaci\u00f3n peri\u00f3dica y equipos tecnol\u00f3gicamente avanzados, el Meli\u00e1 Castelo Branco busca siempre satisfacer plenamente las necesidades y expectativas de sus clientes.<\/p>\t\t\t\t\t\t\t\t<\/div>\n\t\t\t\t<\/div>\n\t\t\t\t<\/section>\n\t\t\t\t<\/div>\n\t\t","protected":false},"excerpt":{"rendered":"<p>Pol\u00edtica Ambiental El hotel Meli\u00e1 Castelo Branco es consciente de la importancia de una gesti\u00f3n responsable y sostenible en el desarrollo de la actividad hotelera. Bajo estas directrices, nos comprometemos a desarrollar y adoptar buenas pr\u00e1cticas dirigidas a minimizar el impacto ambiental de nuestros servicios, preservar los recursos naturales, la eficiencia energ\u00e9tica y construir un [&hellip;]<\/p>\n","protected":false},"author":1,"featured_media":0,"parent":0,"menu_order":0,"comment_status":"closed","ping_status":"closed","template":"","meta":{"_acf_changed":false,"footnotes":""},"class_list":["post-15587","page","type-page","status-publish","hentry"],"acf":[],"yoast_head":"<!-- This site is optimized with the Yoast SEO plugin v24.5 - https:\/\/yoast.com\/wordpress\/plugins\/seo\/ -->\n<title>Pol\u00edtica Ambiental - Melia Castelo Branco<\/title>\n<meta name=\"description\" content=\"O Meli\u00e1 Castelo Branco est\u00e1 situado junto ao castelo no alto de uma bonita colina com magn\u00edfica vista panor\u00e2mica da cidade.\" \/>\n<meta name=\"robots\" content=\"index, follow, max-snippet:-1, max-image-preview:large, max-video-preview:-1\" \/>\n<link rel=\"canonical\" href=\"https:\/\/www.meliacastelobranco.com\/es\/politica-ambiental\/\" \/>\n<meta property=\"og:locale\" content=\"es_ES\" \/>\n<meta property=\"og:type\" content=\"article\" \/>\n<meta property=\"og:title\" content=\"Pol\u00edtica Ambiental - Melia Castelo Branco\" \/>\n<meta property=\"og:description\" content=\"O Meli\u00e1 Castelo Branco est\u00e1 situado junto ao castelo no alto de uma bonita colina com magn\u00edfica vista panor\u00e2mica da cidade.\" \/>\n<meta property=\"og:url\" content=\"https:\/\/www.meliacastelobranco.com\/es\/politica-ambiental\/\" \/>\n<meta property=\"og:site_name\" content=\"Melia Castelo Branco\" \/>\n<meta property=\"article:publisher\" content=\"https:\/\/www.instagram.com\/meliacastelobranco\/\" \/>\n<meta property=\"article:modified_time\" content=\"2024-10-14T10:44:01+00:00\" \/>\n<meta property=\"og:image\" content=\"https:\/\/www.meliacastelobranco.com\/wp-content\/uploads\/sites\/19\/2024\/06\/Melia_Castelo_Branco_Open-graph.jpg\" \/>\n\t<meta property=\"og:image:width\" content=\"1200\" \/>\n\t<meta property=\"og:image:height\" content=\"630\" \/>\n\t<meta property=\"og:image:type\" content=\"image\/jpeg\" \/>\n<meta name=\"twitter:card\" content=\"summary_large_image\" \/>\n<meta name=\"twitter:label1\" content=\"Tiempo de lectura\" \/>\n\t<meta name=\"twitter:data1\" content=\"2 minutos\" \/>\n<script type=\"application\/ld+json\" class=\"yoast-schema-graph\">{\"@context\":\"https:\/\/schema.org\",\"@graph\":[{\"@type\":\"WebPage\",\"@id\":\"https:\/\/www.meliacastelobranco.com\/es\/politica-ambiental\/\",\"url\":\"https:\/\/www.meliacastelobranco.com\/es\/politica-ambiental\/\",\"name\":\"Pol\u00edtica Ambiental - Melia Castelo Branco\",\"isPartOf\":{\"@id\":\"https:\/\/www.meliacastelobranco.com\/es\/#website\"},\"datePublished\":\"2024-04-24T15:17:59+00:00\",\"dateModified\":\"2024-10-14T10:44:01+00:00\",\"description\":\"O Meli\u00e1 Castelo Branco est\u00e1 situado junto ao castelo no alto de uma bonita colina com magn\u00edfica vista panor\u00e2mica da cidade.\",\"breadcrumb\":{\"@id\":\"https:\/\/www.meliacastelobranco.com\/es\/politica-ambiental\/#breadcrumb\"},\"inLanguage\":\"es\",\"potentialAction\":[{\"@type\":\"ReadAction\",\"target\":[\"https:\/\/www.meliacastelobranco.com\/es\/politica-ambiental\/\"]}]},{\"@type\":\"BreadcrumbList\",\"@id\":\"https:\/\/www.meliacastelobranco.com\/es\/politica-ambiental\/#breadcrumb\",\"itemListElement\":[{\"@type\":\"ListItem\",\"position\":1,\"name\":\"In\u00edcio\",\"item\":\"https:\/\/www.meliacastelobranco.com\/es\/\"},{\"@type\":\"ListItem\",\"position\":2,\"name\":\"Pol\u00edtica Ambiental\"}]},{\"@type\":\"WebSite\",\"@id\":\"https:\/\/www.meliacastelobranco.com\/es\/#website\",\"url\":\"https:\/\/www.meliacastelobranco.com\/es\/\",\"name\":\"Meli\u00e1 Castelo Branco\",\"description\":\"O Meli\u00e1 Castelo Branco est\u00e1 situado junto ao castelo no alto de uma bonita colina com magn\u00edfica vista panor\u00e2mica da cidade.\",\"publisher\":{\"@id\":\"https:\/\/www.meliacastelobranco.com\/es\/#organization\"},\"alternateName\":\"Meli\u00e1 Castelo Branco\",\"potentialAction\":[{\"@type\":\"SearchAction\",\"target\":{\"@type\":\"EntryPoint\",\"urlTemplate\":\"https:\/\/www.meliacastelobranco.com\/es\/?s={search_term_string}\"},\"query-input\":{\"@type\":\"PropertyValueSpecification\",\"valueRequired\":true,\"valueName\":\"search_term_string\"}}],\"inLanguage\":\"es\"},{\"@type\":\"Organization\",\"@id\":\"https:\/\/www.meliacastelobranco.com\/es\/#organization\",\"name\":\"Meli\u00e1 Castelo Branco\",\"alternateName\":\"Meli\u00e1 Castelo Branco\",\"url\":\"https:\/\/www.meliacastelobranco.com\/es\/\",\"logo\":{\"@type\":\"ImageObject\",\"inLanguage\":\"es\",\"@id\":\"https:\/\/www.meliacastelobranco.com\/es\/#\/schema\/logo\/image\/\",\"url\":\"https:\/\/www.meliacastelobranco.com\/wp-content\/uploads\/sites\/19\/2024\/06\/Logo_Mobile_MeliaCasteloBranco.png\",\"contentUrl\":\"https:\/\/www.meliacastelobranco.com\/wp-content\/uploads\/sites\/19\/2024\/06\/Logo_Mobile_MeliaCasteloBranco.png\",\"width\":148,\"height\":60,\"caption\":\"Meli\u00e1 Castelo Branco\"},\"image\":{\"@id\":\"https:\/\/www.meliacastelobranco.com\/es\/#\/schema\/logo\/image\/\"},\"sameAs\":[\"https:\/\/www.instagram.com\/meliacastelobranco\/\",\"https:\/\/www.linkedin.com\/company\/hoti-hoteis\/posts\/?feedView=all\",\"https:\/\/www.youtube.com\/channel\/UCP0ugsnZVvziVrrstHe2gqg\",\"https:\/\/www.tripadvisor.pt\/UserReviewEdit-g189142-d231467-Melia_Castelo_Branco-Castelo_Branco_Castelo_Branco_District_Central_Portugal.html\"]}]}<\/script>\n<!-- \/ Yoast SEO plugin. -->","yoast_head_json":{"title":"Pol\u00edtica Ambiental - Melia Castelo Branco","description":"O Meli\u00e1 Castelo Branco est\u00e1 situado junto ao castelo no alto de uma bonita colina com magn\u00edfica vista panor\u00e2mica da cidade.","robots":{"index":"index","follow":"follow","max-snippet":"max-snippet:-1","max-image-preview":"max-image-preview:large","max-video-preview":"max-video-preview:-1"},"canonical":"https:\/\/www.meliacastelobranco.com\/es\/politica-ambiental\/","og_locale":"es_ES","og_type":"article","og_title":"Pol\u00edtica Ambiental - Melia Castelo Branco","og_description":"O Meli\u00e1 Castelo Branco est\u00e1 situado junto ao castelo no alto de uma bonita colina com magn\u00edfica vista panor\u00e2mica da cidade.","og_url":"https:\/\/www.meliacastelobranco.com\/es\/politica-ambiental\/","og_site_name":"Melia Castelo Branco","article_publisher":"https:\/\/www.instagram.com\/meliacastelobranco\/","article_modified_time":"2024-10-14T10:44:01+00:00","og_image":[{"width":1200,"height":630,"url":"https:\/\/www.meliacastelobranco.com\/wp-content\/uploads\/sites\/19\/2024\/06\/Melia_Castelo_Branco_Open-graph.jpg","type":"image\/jpeg"}],"twitter_card":"summary_large_image","twitter_misc":{"Tiempo de lectura":"2 minutos"},"schema":{"@context":"https:\/\/schema.org","@graph":[{"@type":"WebPage","@id":"https:\/\/www.meliacastelobranco.com\/es\/politica-ambiental\/","url":"https:\/\/www.meliacastelobranco.com\/es\/politica-ambiental\/","name":"Pol\u00edtica Ambiental - Melia Castelo Branco","isPartOf":{"@id":"https:\/\/www.meliacastelobranco.com\/es\/#website"},"datePublished":"2024-04-24T15:17:59+00:00","dateModified":"2024-10-14T10:44:01+00:00","description":"O Meli\u00e1 Castelo Branco est\u00e1 situado junto ao castelo no alto de uma bonita colina com magn\u00edfica vista panor\u00e2mica da cidade.","breadcrumb":{"@id":"https:\/\/www.meliacastelobranco.com\/es\/politica-ambiental\/#breadcrumb"},"inLanguage":"es","potentialAction":[{"@type":"ReadAction","target":["https:\/\/www.meliacastelobranco.com\/es\/politica-ambiental\/"]}]},{"@type":"BreadcrumbList","@id":"https:\/\/www.meliacastelobranco.com\/es\/politica-ambiental\/#breadcrumb","itemListElement":[{"@type":"ListItem","position":1,"name":"In\u00edcio","item":"https:\/\/www.meliacastelobranco.com\/es\/"},{"@type":"ListItem","position":2,"name":"Pol\u00edtica Ambiental"}]},{"@type":"WebSite","@id":"https:\/\/www.meliacastelobranco.com\/es\/#website","url":"https:\/\/www.meliacastelobranco.com\/es\/","name":"Meli\u00e1 Castelo Branco","description":"O Meli\u00e1 Castelo Branco est\u00e1 situado junto ao castelo no alto de uma bonita colina com magn\u00edfica vista panor\u00e2mica da cidade.","publisher":{"@id":"https:\/\/www.meliacastelobranco.com\/es\/#organization"},"alternateName":"Meli\u00e1 Castelo Branco","potentialAction":[{"@type":"SearchAction","target":{"@type":"EntryPoint","urlTemplate":"https:\/\/www.meliacastelobranco.com\/es\/?s={search_term_string}"},"query-input":{"@type":"PropertyValueSpecification","valueRequired":true,"valueName":"search_term_string"}}],"inLanguage":"es"},{"@type":"Organization","@id":"https:\/\/www.meliacastelobranco.com\/es\/#organization","name":"Meli\u00e1 Castelo Branco","alternateName":"Meli\u00e1 Castelo Branco","url":"https:\/\/www.meliacastelobranco.com\/es\/","logo":{"@type":"ImageObject","inLanguage":"es","@id":"https:\/\/www.meliacastelobranco.com\/es\/#\/schema\/logo\/image\/","url":"https:\/\/www.meliacastelobranco.com\/wp-content\/uploads\/sites\/19\/2024\/06\/Logo_Mobile_MeliaCasteloBranco.png","contentUrl":"https:\/\/www.meliacastelobranco.com\/wp-content\/uploads\/sites\/19\/2024\/06\/Logo_Mobile_MeliaCasteloBranco.png","width":148,"height":60,"caption":"Meli\u00e1 Castelo Branco"},"image":{"@id":"https:\/\/www.meliacastelobranco.com\/es\/#\/schema\/logo\/image\/"},"sameAs":["https:\/\/www.instagram.com\/meliacastelobranco\/","https:\/\/www.linkedin.com\/company\/hoti-hoteis\/posts\/?feedView=all","https:\/\/www.youtube.com\/channel\/UCP0ugsnZVvziVrrstHe2gqg","https:\/\/www.tripadvisor.pt\/UserReviewEdit-g189142-d231467-Melia_Castelo_Branco-Castelo_Branco_Castelo_Branco_District_Central_Portugal.html"]}]}},"_links":{"self":[{"href":"https:\/\/www.meliacastelobranco.com\/es\/wp-json\/wp\/v2\/pages\/15587","targetHints":{"allow":["GET"]}}],"collection":[{"href":"https:\/\/www.meliacastelobranco.com\/es\/wp-json\/wp\/v2\/pages"}],"about":[{"href":"https:\/\/www.meliacastelobranco.com\/es\/wp-json\/wp\/v2\/types\/page"}],"author":[{"embeddable":true,"href":"https:\/\/www.meliacastelobranco.com\/es\/wp-json\/wp\/v2\/users\/1"}],"replies":[{"embeddable":true,"href":"https:\/\/www.meliacastelobranco.com\/es\/wp-json\/wp\/v2\/comments?post=15587"}],"version-history":[{"count":10,"href":"https:\/\/www.meliacastelobranco.com\/es\/wp-json\/wp\/v2\/pages\/15587\/revisions"}],"predecessor-version":[{"id":21846,"href":"https:\/\/www.meliacastelobranco.com\/es\/wp-json\/wp\/v2\/pages\/15587\/revisions\/21846"}],"wp:attachment":[{"href":"https:\/\/www.meliacastelobranco.com\/es\/wp-json\/wp\/v2\/media?parent=15587"}],"curies":[{"name":"wp","href":"https:\/\/api.w.org\/{rel}","templated":true}]}}